{"id":619,"date":"2021-08-03T21:28:36","date_gmt":"2021-08-03T21:28:36","guid":{"rendered":"https:\/\/www.judo-taiso-cuvry.fr\/?page_id=619"},"modified":"2021-08-05T13:40:00","modified_gmt":"2021-08-05T13:40:00","slug":"le-club","status":"publish","type":"page","link":"https:\/\/www.judo-taiso-cuvry.fr\/?page_id=619","title":{"rendered":"Le club"},"content":{"rendered":"\t\t<div data-elementor-type=\"wp-page\" data-elementor-id=\"619\" class=\"elementor elementor-619\">\n\t\t\t\t\t\t\t\t\t<section class=\"elementor-section elementor-top-section elementor-element elementor-element-65df299 elementor-section-boxed elementor-section-height-default elementor-section-height-default\" data-id=\"65df299\" data-element_type=\"section\" data-settings=\"{&quot;background_background&quot;:&quot;gradient&quot;}\">\n\t\t\t\t\t\t<div class=\"elementor-container elementor-column-gap-default\">\n\t\t\t\t\t<div class=\"elementor-column elementor-col-100 elementor-top-column elementor-element elementor-element-fc0a66d\" data-id=\"fc0a66d\" data-element_type=\"column\">\n\t\t\t<div class=\"elementor-widget-wrap elementor-element-populated\">\n\t\t\t\t\t\t\t\t<div class=\"elementor-element elementor-element-3265a92 elementor-widget elementor-widget-spacer\" data-id=\"3265a92\" data-element_type=\"widget\" data-widget_type=\"spacer.default\">\n\t\t\t\t<div class=\"elementor-widget-container\">\n\t\t\t\t\t<div class=\"elementor-spacer\">\n\t\t\t<div class=\"elementor-spacer-inner\"><\/div>\n\t\t<\/div>\n\t\t\t\t<\/div>\n\t\t\t\t<\/div>\n\t\t\t\t\t<\/div>\n\t\t<\/div>\n\t\t\t\t\t\t\t<\/div>\n\t\t<\/section>\n\t\t\t\t<section class=\"elementor-section elementor-top-section elementor-element elementor-element-dbaa3ba elementor-section-boxed elementor-section-height-default elementor-section-height-default\" data-id=\"dbaa3ba\" data-element_type=\"section\">\n\t\t\t\t\t\t<div class=\"elementor-container elementor-column-gap-default\">\n\t\t\t\t\t<div class=\"elementor-column elementor-col-100 elementor-top-column elementor-element elementor-element-775ef5c\" data-id=\"775ef5c\" data-element_type=\"column\">\n\t\t\t<div class=\"elementor-widget-wrap elementor-element-populated\">\n\t\t\t\t\t\t\t\t<div class=\"elementor-element elementor-element-978c1a7 elementor-widget elementor-widget-heading\" data-id=\"978c1a7\" data-element_type=\"widget\" data-widget_type=\"heading.default\">\n\t\t\t\t<div class=\"elementor-widget-container\">\n\t\t\t<h1 class=\"elementor-heading-title elementor-size-default\">Le club Judo Ta\u00efso Cuvry<\/h1>\t\t<\/div>\n\t\t\t\t<\/div>\n\t\t\t\t<section class=\"elementor-section elementor-inner-section elementor-element elementor-element-958530e elementor-section-boxed elementor-section-height-default elementor-section-height-default\" data-id=\"958530e\" data-element_type=\"section\">\n\t\t\t\t\t\t<div class=\"elementor-container elementor-column-gap-default\">\n\t\t\t\t\t<div class=\"elementor-column elementor-col-50 elementor-inner-column elementor-element elementor-element-d56e4fa\" data-id=\"d56e4fa\" data-element_type=\"column\">\n\t\t\t<div class=\"elementor-widget-wrap elementor-element-populated\">\n\t\t\t\t\t\t\t\t<div class=\"elementor-element elementor-element-c1a8f67 elementor-icon-list--layout-traditional elementor-list-item-link-full_width elementor-widget elementor-widget-icon-list\" data-id=\"c1a8f67\" data-element_type=\"widget\" data-widget_type=\"icon-list.default\">\n\t\t\t\t<div class=\"elementor-widget-container\">\n\t\t\t\t\t<ul class=\"elementor-icon-list-items\">\n\t\t\t\t\t\t\t<li class=\"elementor-icon-list-item\">\n\t\t\t\t\t\t\t\t\t\t\t<a href=\"https:\/\/www.judo-taiso-cuvry.fr\/?page_id=1347\">\n\n\t\t\t\t\t\t\t\t\t\t\t\t<span class=\"elementor-icon-list-icon\">\n\t\t\t\t\t\t\t<i aria-hidden=\"true\" class=\"fas fa-compress\"><\/i>\t\t\t\t\t\t<\/span>\n\t\t\t\t\t\t\t\t\t\t<span class=\"elementor-icon-list-text\">Rejoindre le club<\/span>\n\t\t\t\t\t\t\t\t\t\t\t<\/a>\n\t\t\t\t\t\t\t\t\t<\/li>\n\t\t\t\t\t\t\t\t<li class=\"elementor-icon-list-item\">\n\t\t\t\t\t\t\t\t\t\t\t<a href=\"https:\/\/www.judo-taiso-cuvry.fr\/?page_id=1319\">\n\n\t\t\t\t\t\t\t\t\t\t\t\t<span class=\"elementor-icon-list-icon\">\n\t\t\t\t\t\t\t<i aria-hidden=\"true\" class=\"far fa-handshake\"><\/i>\t\t\t\t\t\t<\/span>\n\t\t\t\t\t\t\t\t\t\t<span class=\"elementor-icon-list-text\">Consignes d'acc\u00e8s aux activit\u00e9s<\/span>\n\t\t\t\t\t\t\t\t\t\t\t<\/a>\n\t\t\t\t\t\t\t\t\t<\/li>\n\t\t\t\t\t\t\t\t<li class=\"elementor-icon-list-item\">\n\t\t\t\t\t\t\t\t\t\t\t<a href=\"https:\/\/www.judo-taiso-cuvry.fr\/?page_id=1392\">\n\n\t\t\t\t\t\t\t\t\t\t\t\t<span class=\"elementor-icon-list-icon\">\n\t\t\t\t\t\t\t<i aria-hidden=\"true\" class=\"fas fa-virus\"><\/i>\t\t\t\t\t\t<\/span>\n\t\t\t\t\t\t\t\t\t\t<span class=\"elementor-icon-list-text\">Situation sanitaire<\/span>\n\t\t\t\t\t\t\t\t\t\t\t<\/a>\n\t\t\t\t\t\t\t\t\t<\/li>\n\t\t\t\t\t\t\t\t<li class=\"elementor-icon-list-item\">\n\t\t\t\t\t\t\t\t\t\t\t<a href=\"https:\/\/www.judo-taiso-cuvry.fr\/wp-content\/uploads\/2021\/08\/Brochure_judo_2021.pdf\" target=\"_blank\">\n\n\t\t\t\t\t\t\t\t\t\t\t\t<span class=\"elementor-icon-list-icon\">\n\t\t\t\t\t\t\t<i aria-hidden=\"true\" class=\"far fa-file-pdf\"><\/i>\t\t\t\t\t\t<\/span>\n\t\t\t\t\t\t\t\t\t\t<span class=\"elementor-icon-list-text\">Plaquette Judo<\/span>\n\t\t\t\t\t\t\t\t\t\t\t<\/a>\n\t\t\t\t\t\t\t\t\t<\/li>\n\t\t\t\t\t\t\t\t<li class=\"elementor-icon-list-item\">\n\t\t\t\t\t\t\t\t\t\t\t<a href=\"https:\/\/www.judo-taiso-cuvry.fr\/wp-content\/uploads\/2021\/08\/Brochure_Taiso_2021.pdf\" target=\"_blank\">\n\n\t\t\t\t\t\t\t\t\t\t\t\t<span class=\"elementor-icon-list-icon\">\n\t\t\t\t\t\t\t<i aria-hidden=\"true\" class=\"far fa-file-pdf\"><\/i>\t\t\t\t\t\t<\/span>\n\t\t\t\t\t\t\t\t\t\t<span class=\"elementor-icon-list-text\">Plaquette Ta\u00efso<\/span>\n\t\t\t\t\t\t\t\t\t\t\t<\/a>\n\t\t\t\t\t\t\t\t\t<\/li>\n\t\t\t\t\t\t\t\t<li class=\"elementor-icon-list-item\">\n\t\t\t\t\t\t\t\t\t\t\t<a href=\"https:\/\/www.judo-taiso-cuvry.fr\/?page_id=1394\">\n\n\t\t\t\t\t\t\t\t\t\t\t\t<span class=\"elementor-icon-list-icon\">\n\t\t\t\t\t\t\t<i aria-hidden=\"true\" class=\"far fa-comments\"><\/i>\t\t\t\t\t\t<\/span>\n\t\t\t\t\t\t\t\t\t\t<span class=\"elementor-icon-list-text\">Questions \/ R\u00e9ponses<\/span>\n\t\t\t\t\t\t\t\t\t\t\t<\/a>\n\t\t\t\t\t\t\t\t\t<\/li>\n\t\t\t\t\t\t<\/ul>\n\t\t\t\t<\/div>\n\t\t\t\t<\/div>\n\t\t\t\t\t<\/div>\n\t\t<\/div>\n\t\t\t\t<div class=\"elementor-column elementor-col-50 elementor-inner-column elementor-element elementor-element-2df99cd\" data-id=\"2df99cd\" data-element_type=\"column\">\n\t\t\t<div class=\"elementor-widget-wrap elementor-element-populated\">\n\t\t\t\t\t\t\t\t<div class=\"elementor-element elementor-element-51542f1 elementor-widget elementor-widget-alert\" data-id=\"51542f1\" data-element_type=\"widget\" data-widget_type=\"alert.default\">\n\t\t\t\t<div class=\"elementor-widget-container\">\n\t\t\t\t\t<div class=\"elementor-alert elementor-alert-info\" role=\"alert\">\n\t\t\t<span class=\"elementor-alert-title\">Information du club<\/span>\n\t\t\t\t\t\t\t<span class=\"elementor-alert-description\">Nous serons pr\u00e9sents \u00e0 la journ\u00e9e des sports de Cuvry qui se tiendra le 28 ao\u00fbt 2021<\/span>\n\t\t\t\t\t\t\t\t\t\t<button type=\"button\" class=\"elementor-alert-dismiss\">\n\t\t\t\t\t\t\t\t\t\t\t<span aria-hidden=\"true\">&times;<\/span>\n\t\t\t\t\t\t\t\t\t\t<span class=\"elementor-screen-only\">Rejeter l\u2019alerte<\/span>\n\t\t\t\t<\/button>\n\t\t\t\t\t<\/div>\n\t\t\t\t<\/div>\n\t\t\t\t<\/div>\n\t\t\t\t\t<\/div>\n\t\t<\/div>\n\t\t\t\t\t\t\t<\/div>\n\t\t<\/section>\n\t\t\t\t\t<\/div>\n\t\t<\/div>\n\t\t\t\t\t\t\t<\/div>\n\t\t<\/section>\n\t\t\t\t<section class=\"elementor-section elementor-top-section elementor-element elementor-element-agosbi9 elementor-section-boxed elementor-section-height-default elementor-section-height-default\" data-id=\"agosbi9\" data-element_type=\"section\" data-settings=\"{&quot;background_background&quot;:&quot;classic&quot;}\">\n\t\t\t\t\t\t<div class=\"elementor-container elementor-column-gap-default\">\n\t\t\t\t\t<div class=\"elementor-column elementor-col-33 elementor-top-column elementor-element elementor-element-ef51jsm\" data-id=\"ef51jsm\" data-element_type=\"column\">\n\t\t\t<div class=\"elementor-widget-wrap elementor-element-populated\">\n\t\t\t\t\t\t\t\t<div class=\"elementor-element elementor-element-a8342ab elementor-widget elementor-widget-text-editor\" data-id=\"a8342ab\" data-element_type=\"widget\" data-widget_type=\"text-editor.default\">\n\t\t\t\t<div class=\"elementor-widget-container\">\n\t\t\t\t\t\t\t<h1>Le club<\/h1><p>Le club de Judo Ta\u00efso de Cuvry s&rsquo;est form\u00e9 \u00e0 l&rsquo;ouverture de la salle multisports Roland Richard de la commune de Cuvry.<\/p><p>Depuis 2018, le club dispense deux disciplines, le judo et le ta\u00efso.<\/p><p>Le club compte aujourd&rsquo;hui plus de 50 adh\u00e9rents.<\/p>\t\t\t\t\t\t<\/div>\n\t\t\t\t<\/div>\n\t\t\t\t<section class=\"elementor-section elementor-inner-section elementor-element elementor-element-f5c4d0d elementor-section-boxed elementor-section-height-default elementor-section-height-default\" data-id=\"f5c4d0d\" data-element_type=\"section\">\n\t\t\t\t\t\t<div class=\"elementor-container elementor-column-gap-default\">\n\t\t\t\t\t<div class=\"elementor-column elementor-col-50 elementor-inner-column elementor-element elementor-element-a64b1a6\" data-id=\"a64b1a6\" data-element_type=\"column\">\n\t\t\t<div class=\"elementor-widget-wrap elementor-element-populated\">\n\t\t\t\t\t\t\t\t<div class=\"elementor-element elementor-element-5f2446d elementor-widget elementor-widget-image\" data-id=\"5f2446d\" data-element_type=\"widget\" data-widget_type=\"image.default\">\n\t\t\t\t<div class=\"elementor-widget-container\">\n\t\t\t\t\t\t\t\t\t\t\t\t\t\t\t<img decoding=\"async\" width=\"489\" height=\"610\" src=\"https:\/\/www.judo-taiso-cuvry.fr\/wp-content\/uploads\/2021\/08\/icone_site.jpg\" class=\"attachment-large size-large wp-image-1497\" alt=\"\" loading=\"lazy\" srcset=\"https:\/\/www.judo-taiso-cuvry.fr\/wp-content\/uploads\/2021\/08\/icone_site.jpg 489w, https:\/\/www.judo-taiso-cuvry.fr\/wp-content\/uploads\/2021\/08\/icone_site-240x300.jpg 240w\" sizes=\"(max-width: 489px) 100vw, 489px\" \/>\t\t\t\t\t\t\t\t\t\t\t\t\t\t\t<\/div>\n\t\t\t\t<\/div>\n\t\t\t\t\t<\/div>\n\t\t<\/div>\n\t\t\t\t<div class=\"elementor-column elementor-col-50 elementor-inner-column elementor-element elementor-element-9675f18\" data-id=\"9675f18\" data-element_type=\"column\">\n\t\t\t<div class=\"elementor-widget-wrap elementor-element-populated\">\n\t\t\t\t\t\t\t\t<div class=\"elementor-element elementor-element-e88d406 elementor-widget elementor-widget-image\" data-id=\"e88d406\" data-element_type=\"widget\" data-widget_type=\"image.default\">\n\t\t\t\t<div class=\"elementor-widget-container\">\n\t\t\t\t\t\t\t\t\t\t\t\t\t\t\t<img decoding=\"async\" width=\"500\" height=\"500\" src=\"https:\/\/www.judo-taiso-cuvry.fr\/wp-content\/uploads\/2021\/07\/logo.png\" class=\"attachment-large size-large wp-image-430\" alt=\"\" loading=\"lazy\" srcset=\"https:\/\/www.judo-taiso-cuvry.fr\/wp-content\/uploads\/2021\/07\/logo.png 500w, https:\/\/www.judo-taiso-cuvry.fr\/wp-content\/uploads\/2021\/07\/logo-300x300.png 300w, https:\/\/www.judo-taiso-cuvry.fr\/wp-content\/uploads\/2021\/07\/logo-150x150.png 150w\" sizes=\"(max-width: 500px) 100vw, 500px\" \/>\t\t\t\t\t\t\t\t\t\t\t\t\t\t\t<\/div>\n\t\t\t\t<\/div>\n\t\t\t\t\t<\/div>\n\t\t<\/div>\n\t\t\t\t\t\t\t<\/div>\n\t\t<\/section>\n\t\t\t\t\t<\/div>\n\t\t<\/div>\n\t\t\t\t<div class=\"elementor-column elementor-col-33 elementor-top-column elementor-element elementor-element-tfzdq28\" data-id=\"tfzdq28\" data-element_type=\"column\">\n\t\t\t<div class=\"elementor-widget-wrap\">\n\t\t\t\t\t\t\t\t\t<\/div>\n\t\t<\/div>\n\t\t\t\t<div class=\"elementor-column elementor-col-33 elementor-top-column elementor-element elementor-element-l2vxdft\" data-id=\"l2vxdft\" data-element_type=\"column\">\n\t\t\t<div class=\"elementor-widget-wrap elementor-element-populated\">\n\t\t\t\t\t\t\t\t<div class=\"elementor-element elementor-element-e0e9785 elementor-widget elementor-widget-image\" data-id=\"e0e9785\" data-element_type=\"widget\" data-widget_type=\"image.default\">\n\t\t\t\t<div class=\"elementor-widget-container\">\n\t\t\t\t\t\t\t\t\t\t\t\t\t\t\t<img decoding=\"async\" width=\"1024\" height=\"683\" src=\"https:\/\/www.judo-taiso-cuvry.fr\/wp-content\/uploads\/2021\/08\/IMG_2334-1024x683.jpg\" class=\"attachment-large size-large wp-image-913\" alt=\"\" loading=\"lazy\" srcset=\"https:\/\/www.judo-taiso-cuvry.fr\/wp-content\/uploads\/2021\/08\/IMG_2334-1024x683.jpg 1024w, https:\/\/www.judo-taiso-cuvry.fr\/wp-content\/uploads\/2021\/08\/IMG_2334-300x200.jpg 300w, https:\/\/www.judo-taiso-cuvry.fr\/wp-content\/uploads\/2021\/08\/IMG_2334-768x512.jpg 768w, https:\/\/www.judo-taiso-cuvry.fr\/wp-content\/uploads\/2021\/08\/IMG_2334-1536x1024.jpg 1536w, https:\/\/www.judo-taiso-cuvry.fr\/wp-content\/uploads\/2021\/08\/IMG_2334.jpg 2048w\" sizes=\"(max-width: 1024px) 100vw, 1024px\" \/>\t\t\t\t\t\t\t\t\t\t\t\t\t\t\t<\/div>\n\t\t\t\t<\/div>\n\t\t\t\t<div class=\"elementor-element elementor-element-933089e elementor-widget elementor-widget-image\" data-id=\"933089e\" data-element_type=\"widget\" data-widget_type=\"image.default\">\n\t\t\t\t<div class=\"elementor-widget-container\">\n\t\t\t\t\t\t\t\t\t\t\t\t\t\t\t<img decoding=\"async\" width=\"739\" height=\"416\" src=\"https:\/\/www.judo-taiso-cuvry.fr\/wp-content\/uploads\/2021\/06\/Capture.png\" class=\"attachment-large size-large wp-image-1174\" alt=\"\" loading=\"lazy\" srcset=\"https:\/\/www.judo-taiso-cuvry.fr\/wp-content\/uploads\/2021\/06\/Capture.png 739w, https:\/\/www.judo-taiso-cuvry.fr\/wp-content\/uploads\/2021\/06\/Capture-300x169.png 300w\" sizes=\"(max-width: 739px) 100vw, 739px\" \/>\t\t\t\t\t\t\t\t\t\t\t\t\t\t\t<\/div>\n\t\t\t\t<\/div>\n\t\t\t\t<div class=\"elementor-element elementor-element-c4fede9 elementor-widget elementor-widget-spacer\" data-id=\"c4fede9\" data-element_type=\"widget\" data-widget_type=\"spacer.default\">\n\t\t\t\t<div class=\"elementor-widget-container\">\n\t\t\t\t\t<div class=\"elementor-spacer\">\n\t\t\t<div class=\"elementor-spacer-inner\"><\/div>\n\t\t<\/div>\n\t\t\t\t<\/div>\n\t\t\t\t<\/div>\n\t\t\t\t\t<\/div>\n\t\t<\/div>\n\t\t\t\t\t\t\t<\/div>\n\t\t<\/section>\n\t\t\t\t<section class=\"elementor-section elementor-top-section elementor-element elementor-element-d9fd229 elementor-section-boxed elementor-section-height-default elementor-section-height-default\" data-id=\"d9fd229\" data-element_type=\"section\">\n\t\t\t\t\t\t<div class=\"elementor-container elementor-column-gap-default\">\n\t\t\t\t\t<div class=\"elementor-column elementor-col-100 elementor-top-column elementor-element elementor-element-a34b3b6\" data-id=\"a34b3b6\" data-element_type=\"column\">\n\t\t\t<div class=\"elementor-widget-wrap elementor-element-populated\">\n\t\t\t\t\t\t\t\t<div class=\"elementor-element elementor-element-5804504 elementor-widget elementor-widget-heading\" data-id=\"5804504\" data-element_type=\"widget\" data-widget_type=\"heading.default\">\n\t\t\t\t<div class=\"elementor-widget-container\">\n\t\t\t<h2 class=\"elementor-heading-title elementor-size-default\">Le comit\u00e9 de direction<\/h2>\t\t<\/div>\n\t\t\t\t<\/div>\n\t\t\t\t<section class=\"elementor-section elementor-inner-section elementor-element elementor-element-c63c147 elementor-section-boxed elementor-section-height-default elementor-section-height-default\" data-id=\"c63c147\" data-element_type=\"section\">\n\t\t\t\t\t\t<div class=\"elementor-container elementor-column-gap-default\">\n\t\t\t\t\t<div class=\"elementor-column elementor-col-50 elementor-inner-column elementor-element elementor-element-0202fb3\" data-id=\"0202fb3\" data-element_type=\"column\">\n\t\t\t<div class=\"elementor-widget-wrap\">\n\t\t\t\t\t\t\t\t\t<\/div>\n\t\t<\/div>\n\t\t\t\t<div class=\"elementor-column elementor-col-50 elementor-inner-column elementor-element elementor-element-150337a\" data-id=\"150337a\" data-element_type=\"column\">\n\t\t\t<div class=\"elementor-widget-wrap elementor-element-populated\">\n\t\t\t\t\t\t\t\t<div class=\"elementor-element elementor-element-7de3ecd elementor-widget elementor-widget-text-editor\" data-id=\"7de3ecd\" data-element_type=\"widget\" data-widget_type=\"text-editor.default\">\n\t\t\t\t<div class=\"elementor-widget-container\">\n\t\t\t\t\t\t\t<p>La vie du club est assur\u00e9e par un comit\u00e9 de direction compos\u00e9 de 7 personnes, chacune ayant un r\u00f4le en particulier:<\/p>\t\t\t\t\t\t<\/div>\n\t\t\t\t<\/div>\n\t\t\t\t<div class=\"elementor-element elementor-element-48c4049 elementor-widget elementor-widget-accordion\" data-id=\"48c4049\" data-element_type=\"widget\" data-widget_type=\"accordion.default\">\n\t\t\t\t<div class=\"elementor-widget-container\">\n\t\t\t\t\t<div class=\"elementor-accordion\" role=\"tablist\">\n\t\t\t\t\t\t\t<div class=\"elementor-accordion-item\">\n\t\t\t\t\t<div id=\"elementor-tab-title-7631\" class=\"elementor-tab-title\" data-tab=\"1\" role=\"tab\" aria-controls=\"elementor-tab-content-7631\" aria-expanded=\"false\">\n\t\t\t\t\t\t\t\t\t\t\t\t\t<span class=\"elementor-accordion-icon elementor-accordion-icon-left\" aria-hidden=\"true\">\n\t\t\t\t\t\t\t\t\t\t\t\t\t\t\t<span class=\"elementor-accordion-icon-closed\"><i class=\"fas fa-plus\"><\/i><\/span>\n\t\t\t\t\t\t\t\t<span class=\"elementor-accordion-icon-opened\"><i class=\"fas fa-minus\"><\/i><\/span>\n\t\t\t\t\t\t\t\t\t\t\t\t\t\t<\/span>\n\t\t\t\t\t\t\t\t\t\t\t\t<a class=\"elementor-accordion-title\" href=\"\">Le Pr\u00e9sident : Vincent DUMSER<\/a>\n\t\t\t\t\t<\/div>\n\t\t\t\t\t<div id=\"elementor-tab-content-7631\" class=\"elementor-tab-content elementor-clearfix\" data-tab=\"1\" role=\"tabpanel\" aria-labelledby=\"elementor-tab-title-7631\"><p>Il veille au respect des statuts et \u00e0 la sauvegarde des int\u00e9r\u00eats moraux de l\u2019association. Il supervise la conduite des affaires de l\u2019association et veille au respect des d\u00e9cisions de la direction.<\/p><p>Il assume les fonctions de repr\u00e9sentation\u00a0: l\u00e9gale, judiciaire et extra\u2013judiciaire de l\u2019association dans tous les actes de la vie civile.<\/p><p>Il peut donner d\u00e9l\u00e9gation \u00e0 d\u2019autres membres de la direction pour l\u2019exercice de ses fonctions de repr\u00e9sentation.<\/p><\/div>\n\t\t\t\t<\/div>\n\t\t\t\t\t\t\t<div class=\"elementor-accordion-item\">\n\t\t\t\t\t<div id=\"elementor-tab-title-7632\" class=\"elementor-tab-title\" data-tab=\"2\" role=\"tab\" aria-controls=\"elementor-tab-content-7632\" aria-expanded=\"false\">\n\t\t\t\t\t\t\t\t\t\t\t\t\t<span class=\"elementor-accordion-icon elementor-accordion-icon-left\" aria-hidden=\"true\">\n\t\t\t\t\t\t\t\t\t\t\t\t\t\t\t<span class=\"elementor-accordion-icon-closed\"><i class=\"fas fa-plus\"><\/i><\/span>\n\t\t\t\t\t\t\t\t<span class=\"elementor-accordion-icon-opened\"><i class=\"fas fa-minus\"><\/i><\/span>\n\t\t\t\t\t\t\t\t\t\t\t\t\t\t<\/span>\n\t\t\t\t\t\t\t\t\t\t\t\t<a class=\"elementor-accordion-title\" href=\"\">La Tr\u00e9sori\u00e8re : Karine MATHIEU-DUMSER<\/a>\n\t\t\t\t\t<\/div>\n\t\t\t\t\t<div id=\"elementor-tab-content-7632\" class=\"elementor-tab-content elementor-clearfix\" data-tab=\"2\" role=\"tabpanel\" aria-labelledby=\"elementor-tab-title-7632\"><p>Elle veille \u00e0 la r\u00e9gularit\u00e9 des comptes et tient une comptabilit\u00e9 probante. Elle rend compte de sa gestion \u00e0 chaque assembl\u00e9e g\u00e9n\u00e9rale.<\/p><\/div>\n\t\t\t\t<\/div>\n\t\t\t\t\t\t\t<div class=\"elementor-accordion-item\">\n\t\t\t\t\t<div id=\"elementor-tab-title-7633\" class=\"elementor-tab-title\" data-tab=\"3\" role=\"tab\" aria-controls=\"elementor-tab-content-7633\" aria-expanded=\"false\">\n\t\t\t\t\t\t\t\t\t\t\t\t\t<span class=\"elementor-accordion-icon elementor-accordion-icon-left\" aria-hidden=\"true\">\n\t\t\t\t\t\t\t\t\t\t\t\t\t\t\t<span class=\"elementor-accordion-icon-closed\"><i class=\"fas fa-plus\"><\/i><\/span>\n\t\t\t\t\t\t\t\t<span class=\"elementor-accordion-icon-opened\"><i class=\"fas fa-minus\"><\/i><\/span>\n\t\t\t\t\t\t\t\t\t\t\t\t\t\t<\/span>\n\t\t\t\t\t\t\t\t\t\t\t\t<a class=\"elementor-accordion-title\" href=\"\">La secr\u00e9taire : Virginie MONTIER<\/a>\n\t\t\t\t\t<\/div>\n\t\t\t\t\t<div id=\"elementor-tab-content-7633\" class=\"elementor-tab-content elementor-clearfix\" data-tab=\"3\" role=\"tabpanel\" aria-labelledby=\"elementor-tab-title-7633\"><p>Il est charg\u00e9 de tout ce qui concerne la correspondance de l\u2019association. Il r\u00e9dige les proc\u00e8s-verbaux des assembl\u00e9es et des r\u00e9unions de la direction. Il tient \u00e9galement le registre des d\u00e9lib\u00e9rations des assembl\u00e9es g\u00e9n\u00e9rales et le registre des d\u00e9lib\u00e9rations de la direction.<\/p><\/div>\n\t\t\t\t<\/div>\n\t\t\t\t\t\t\t<div class=\"elementor-accordion-item\">\n\t\t\t\t\t<div id=\"elementor-tab-title-7634\" class=\"elementor-tab-title\" data-tab=\"4\" role=\"tab\" aria-controls=\"elementor-tab-content-7634\" aria-expanded=\"false\">\n\t\t\t\t\t\t\t\t\t\t\t\t\t<span class=\"elementor-accordion-icon elementor-accordion-icon-left\" aria-hidden=\"true\">\n\t\t\t\t\t\t\t\t\t\t\t\t\t\t\t<span class=\"elementor-accordion-icon-closed\"><i class=\"fas fa-plus\"><\/i><\/span>\n\t\t\t\t\t\t\t\t<span class=\"elementor-accordion-icon-opened\"><i class=\"fas fa-minus\"><\/i><\/span>\n\t\t\t\t\t\t\t\t\t\t\t\t\t\t<\/span>\n\t\t\t\t\t\t\t\t\t\t\t\t<a class=\"elementor-accordion-title\" href=\"\">Le vice-pr\u00e9sident : Maxime URBANIAK<\/a>\n\t\t\t\t\t<\/div>\n\t\t\t\t\t<div id=\"elementor-tab-content-7634\" class=\"elementor-tab-content elementor-clearfix\" data-tab=\"4\" role=\"tabpanel\" aria-labelledby=\"elementor-tab-title-7634\"><p>Par d\u00e9l\u00e9gation, il assiste le pr\u00e9sident de l\u2019association dans l\u2019exercice de ces fonctions notamment aux regards de la repr\u00e9sentation de l\u2019association.<\/p><p>Il consolide et anime la dynamique de l\u2019association et entre les membres aux postes de direction.<\/p><p>Par emp\u00eachement du Pr\u00e9sident, le vice-pr\u00e9sident est en capacit\u00e9 de r\u00e9pondre temporairement aux fonctions de pr\u00e9sident.<\/p><\/div>\n\t\t\t\t<\/div>\n\t\t\t\t\t\t\t<div class=\"elementor-accordion-item\">\n\t\t\t\t\t<div id=\"elementor-tab-title-7635\" class=\"elementor-tab-title\" data-tab=\"5\" role=\"tab\" aria-controls=\"elementor-tab-content-7635\" aria-expanded=\"false\">\n\t\t\t\t\t\t\t\t\t\t\t\t\t<span class=\"elementor-accordion-icon elementor-accordion-icon-left\" aria-hidden=\"true\">\n\t\t\t\t\t\t\t\t\t\t\t\t\t\t\t<span class=\"elementor-accordion-icon-closed\"><i class=\"fas fa-plus\"><\/i><\/span>\n\t\t\t\t\t\t\t\t<span class=\"elementor-accordion-icon-opened\"><i class=\"fas fa-minus\"><\/i><\/span>\n\t\t\t\t\t\t\t\t\t\t\t\t\t\t<\/span>\n\t\t\t\t\t\t\t\t\t\t\t\t<a class=\"elementor-accordion-title\" href=\"\">Le r\u00e9f\u00e9rent discipline Judo : Nicolas PARAYRE<\/a>\n\t\t\t\t\t<\/div>\n\t\t\t\t\t<div id=\"elementor-tab-content-7635\" class=\"elementor-tab-content elementor-clearfix\" data-tab=\"5\" role=\"tabpanel\" aria-labelledby=\"elementor-tab-title-7635\"><p>Il assure la coh\u00e9rence de la dispense de la discipline par l\u2019association, notamment aupr\u00e8s de l\u2019ensemble des entraineurs et s\u2019assure de l\u2019uniformisation des pratiques. Il propose les objectifs ainsi qu\u2019une strat\u00e9gie de saison qui seront valid\u00e9s par l\u2019assembl\u00e9e g\u00e9n\u00e9rale. Il s\u2019engagera quant \u00e0 la tenue des objectifs valid\u00e9s.<\/p><p>Il sera \u00e9galement l\u2019interlocuteur privil\u00e9gi\u00e9 entre les membres de l\u2019associations concern\u00e9s par la discipline et les membres de la direction de l\u2019association.<\/p><p>Il pr\u00e9sentera les axes relatifs \u00e0 ces missions lors des assembl\u00e9es g\u00e9n\u00e9rales et comit\u00e9s de direction.<\/p><\/div>\n\t\t\t\t<\/div>\n\t\t\t\t\t\t\t<div class=\"elementor-accordion-item\">\n\t\t\t\t\t<div id=\"elementor-tab-title-7636\" class=\"elementor-tab-title\" data-tab=\"6\" role=\"tab\" aria-controls=\"elementor-tab-content-7636\" aria-expanded=\"false\">\n\t\t\t\t\t\t\t\t\t\t\t\t\t<span class=\"elementor-accordion-icon elementor-accordion-icon-left\" aria-hidden=\"true\">\n\t\t\t\t\t\t\t\t\t\t\t\t\t\t\t<span class=\"elementor-accordion-icon-closed\"><i class=\"fas fa-plus\"><\/i><\/span>\n\t\t\t\t\t\t\t\t<span class=\"elementor-accordion-icon-opened\"><i class=\"fas fa-minus\"><\/i><\/span>\n\t\t\t\t\t\t\t\t\t\t\t\t\t\t<\/span>\n\t\t\t\t\t\t\t\t\t\t\t\t<a class=\"elementor-accordion-title\" href=\"\">Le r\u00e9f\u00e9rent discipline Ta\u00efso : Charles COURTE<\/a>\n\t\t\t\t\t<\/div>\n\t\t\t\t\t<div id=\"elementor-tab-content-7636\" class=\"elementor-tab-content elementor-clearfix\" data-tab=\"6\" role=\"tabpanel\" aria-labelledby=\"elementor-tab-title-7636\"><p>Il assure la coh\u00e9rence de la dispense de la discipline par l\u2019association, notamment aupr\u00e8s de l\u2019ensemble des entraineurs et s\u2019assure de l\u2019uniformisation des pratiques. Il propose les objectifs ainsi qu\u2019une strat\u00e9gie de saison qui seront valid\u00e9s par l\u2019assembl\u00e9e g\u00e9n\u00e9rale. Il s\u2019engagera quant \u00e0 la tenue des objectifs valid\u00e9s.<\/p><p>Il sera \u00e9galement l\u2019interlocuteur privil\u00e9gi\u00e9 entre les membres de l\u2019associations concern\u00e9s par la discipline et les membres de la direction de l\u2019association.<\/p><p>Il pr\u00e9sentera les axes relatifs \u00e0 ces missions lors des assembl\u00e9es g\u00e9n\u00e9rales et comit\u00e9s de direction.<\/p><\/div>\n\t\t\t\t<\/div>\n\t\t\t\t\t\t\t<div class=\"elementor-accordion-item\">\n\t\t\t\t\t<div id=\"elementor-tab-title-7637\" class=\"elementor-tab-title\" data-tab=\"7\" role=\"tab\" aria-controls=\"elementor-tab-content-7637\" aria-expanded=\"false\">\n\t\t\t\t\t\t\t\t\t\t\t\t\t<span class=\"elementor-accordion-icon elementor-accordion-icon-left\" aria-hidden=\"true\">\n\t\t\t\t\t\t\t\t\t\t\t\t\t\t\t<span class=\"elementor-accordion-icon-closed\"><i class=\"fas fa-plus\"><\/i><\/span>\n\t\t\t\t\t\t\t\t<span class=\"elementor-accordion-icon-opened\"><i class=\"fas fa-minus\"><\/i><\/span>\n\t\t\t\t\t\t\t\t\t\t\t\t\t\t<\/span>\n\t\t\t\t\t\t\t\t\t\t\t\t<a class=\"elementor-accordion-title\" href=\"\">Le conseiller partenariat et communication : Guillaume EVAIN<\/a>\n\t\t\t\t\t<\/div>\n\t\t\t\t\t<div id=\"elementor-tab-content-7637\" class=\"elementor-tab-content elementor-clearfix\" data-tab=\"7\" role=\"tabpanel\" aria-labelledby=\"elementor-tab-title-7637\"><p>Il assure la valorisation des actions r\u00e9alis\u00e9es par l\u2019association ainsi que l\u2019animation de l\u2019ensemble des canaux de communication. Il est responsable de l\u2019image de l\u2019association et de la port\u00e9e de cette derni\u00e8re. Il veillera \u00e0 ce que les valeurs de l\u2019association soient parfaitement v\u00e9hicul\u00e9es.<\/p><p>Il facilitera les \u00e9changes entre les membres de l\u2019association.<\/p><p>Il sera \u00e9galement en charge de la consolidation et du conventionnement si n\u00e9cessaires des relations partenariales de l\u2019association. A ce titre, il sera l\u2019interlocuteur privil\u00e9gi\u00e9 entre les partenaires ext\u00e9rieurs et les membres de la direction.<\/p><p>Il pr\u00e9sentera les axes relatifs \u00e0 ces missions lors des assembl\u00e9es g\u00e9n\u00e9rales et comit\u00e9s de direction.<\/p><\/div>\n\t\t\t\t<\/div>\n\t\t\t\t\t\t\t\t<\/div>\n\t\t\t\t<\/div>\n\t\t\t\t<\/div>\n\t\t\t\t\t<\/div>\n\t\t<\/div>\n\t\t\t\t\t\t\t<\/div>\n\t\t<\/section>\n\t\t\t\t\t<\/div>\n\t\t<\/div>\n\t\t\t\t\t\t\t<\/div>\n\t\t<\/section>\n\t\t\t\t<section class=\"elementor-section elementor-top-section elementor-element elementor-element-b72514c elementor-section-boxed elementor-section-height-default elementor-section-height-default\" data-id=\"b72514c\" data-element_type=\"section\" data-settings=\"{&quot;background_background&quot;:&quot;classic&quot;}\">\n\t\t\t\t\t\t<div class=\"elementor-container elementor-column-gap-default\">\n\t\t\t\t\t<div class=\"elementor-column elementor-col-100 elementor-top-column elementor-element elementor-element-6c524a2\" data-id=\"6c524a2\" data-element_type=\"column\">\n\t\t\t<div class=\"elementor-widget-wrap elementor-element-populated\">\n\t\t\t\t\t\t\t\t<div class=\"elementor-element elementor-element-0623f3b elementor-widget elementor-widget-heading\" data-id=\"0623f3b\" data-element_type=\"widget\" data-widget_type=\"heading.default\">\n\t\t\t\t<div class=\"elementor-widget-container\">\n\t\t\t<h2 class=\"elementor-heading-title elementor-size-default\">L'ambition du club<\/h2>\t\t<\/div>\n\t\t\t\t<\/div>\n\t\t\t\t<section class=\"elementor-section elementor-inner-section elementor-element elementor-element-f67da93 elementor-section-boxed elementor-section-height-default elementor-section-height-default\" data-id=\"f67da93\" data-element_type=\"section\">\n\t\t\t\t\t\t<div class=\"elementor-container elementor-column-gap-default\">\n\t\t\t\t\t<div class=\"elementor-column elementor-col-50 elementor-inner-column elementor-element elementor-element-9cd516d\" data-id=\"9cd516d\" data-element_type=\"column\">\n\t\t\t<div class=\"elementor-widget-wrap elementor-element-populated\">\n\t\t\t\t\t\t\t\t<div class=\"elementor-element elementor-element-ad883d5 elementor-widget elementor-widget-image\" data-id=\"ad883d5\" data-element_type=\"widget\" data-widget_type=\"image.default\">\n\t\t\t\t<div class=\"elementor-widget-container\">\n\t\t\t\t\t\t\t\t\t\t\t\t\t\t\t<img decoding=\"async\" width=\"1024\" height=\"683\" src=\"https:\/\/www.judo-taiso-cuvry.fr\/wp-content\/uploads\/2021\/08\/IMG_3034-1024x683.jpg\" class=\"attachment-large size-large wp-image-882\" alt=\"\" loading=\"lazy\" srcset=\"https:\/\/www.judo-taiso-cuvry.fr\/wp-content\/uploads\/2021\/08\/IMG_3034-1024x683.jpg 1024w, https:\/\/www.judo-taiso-cuvry.fr\/wp-content\/uploads\/2021\/08\/IMG_3034-300x200.jpg 300w, https:\/\/www.judo-taiso-cuvry.fr\/wp-content\/uploads\/2021\/08\/IMG_3034-768x512.jpg 768w, https:\/\/www.judo-taiso-cuvry.fr\/wp-content\/uploads\/2021\/08\/IMG_3034-1536x1024.jpg 1536w, https:\/\/www.judo-taiso-cuvry.fr\/wp-content\/uploads\/2021\/08\/IMG_3034.jpg 2048w\" sizes=\"(max-width: 1024px) 100vw, 1024px\" \/>\t\t\t\t\t\t\t\t\t\t\t\t\t\t\t<\/div>\n\t\t\t\t<\/div>\n\t\t\t\t\t<\/div>\n\t\t<\/div>\n\t\t\t\t<div class=\"elementor-column elementor-col-50 elementor-inner-column elementor-element elementor-element-ebae5d0\" data-id=\"ebae5d0\" data-element_type=\"column\">\n\t\t\t<div class=\"elementor-widget-wrap elementor-element-populated\">\n\t\t\t\t\t\t\t\t<div class=\"elementor-element elementor-element-ecdd4f3 elementor-widget elementor-widget-text-editor\" data-id=\"ecdd4f3\" data-element_type=\"widget\" data-widget_type=\"text-editor.default\">\n\t\t\t\t<div class=\"elementor-widget-container\">\n\t\t\t\t\t\t\t<p>La principale ambition du club est de permettre aux adh\u00e9rents de trouver du plaisir dans la pratique sportive et d&rsquo;identifier rapidement des axes de progression.<\/p><p>Nous sommes particuli\u00e8rement attentifs au respect des valeurs du Judoka ainsi qu&rsquo;\u00e0 la philosophie de ce sport quelque soit l&rsquo;activit\u00e9 exerc\u00e9e.<\/p><p>Pour nous, le plus grand facteur de progression est l&rsquo;esprit d&rsquo;\u00e9quipe et l&rsquo;entraide.<\/p><p>Nous veillons \u00e0 faire \u00e9voluer r\u00e9guli\u00e8rement notre organisation afin que chacun puisse trouver l&rsquo;espace et s&rsquo;\u00e9panouir dans notre structure<\/p>\t\t\t\t\t\t<\/div>\n\t\t\t\t<\/div>\n\t\t\t\t\t<\/div>\n\t\t<\/div>\n\t\t\t\t\t\t\t<\/div>\n\t\t<\/section>\n\t\t\t\t\t<\/div>\n\t\t<\/div>\n\t\t\t\t\t\t\t<\/div>\n\t\t<\/section>\n\t\t\t\t<section class=\"elementor-section elementor-top-section elementor-element elementor-element-35a1318 elementor-section-boxed elementor-section-height-default elementor-section-height-default\" data-id=\"35a1318\" data-element_type=\"section\">\n\t\t\t\t\t\t<div class=\"elementor-container elementor-column-gap-default\">\n\t\t\t\t\t<div class=\"elementor-column elementor-col-100 elementor-top-column elementor-element elementor-element-12bb5c2\" data-id=\"12bb5c2\" data-element_type=\"column\">\n\t\t\t<div class=\"elementor-widget-wrap elementor-element-populated\">\n\t\t\t\t\t\t\t\t<div class=\"elementor-element elementor-element-697f349 elementor-widget elementor-widget-heading\" data-id=\"697f349\" data-element_type=\"widget\" data-widget_type=\"heading.default\">\n\t\t\t\t<div class=\"elementor-widget-container\">\n\t\t\t<h2 class=\"elementor-heading-title elementor-size-default\">Feuille de route pour la saison 2021-2022<\/h2>\t\t<\/div>\n\t\t\t\t<\/div>\n\t\t\t\t\t<\/div>\n\t\t<\/div>\n\t\t\t\t\t\t\t<\/div>\n\t\t<\/section>\n\t\t\t\t<section class=\"elementor-section elementor-top-section elementor-element elementor-element-5913f04 elementor-section-boxed elementor-section-height-default elementor-section-height-default\" data-id=\"5913f04\" data-element_type=\"section\">\n\t\t\t\t\t\t<div class=\"elementor-container elementor-column-gap-default\">\n\t\t\t\t\t<div class=\"elementor-column elementor-col-50 elementor-top-column elementor-element elementor-element-b969b31\" data-id=\"b969b31\" data-element_type=\"column\">\n\t\t\t<div class=\"elementor-widget-wrap elementor-element-populated\">\n\t\t\t\t\t\t\t\t<div class=\"elementor-element elementor-element-4652c2c elementor-widget elementor-widget-text-editor\" data-id=\"4652c2c\" data-element_type=\"widget\" data-widget_type=\"text-editor.default\">\n\t\t\t\t<div class=\"elementor-widget-container\">\n\t\t\t\t\t\t\t<p>La nouvelle saison approche et notre premier objectif est de pouvoir retrouver une stabilit\u00e9 dans nos activit\u00e9s.<br \/>Depuis un peu plus d&rsquo;un an maintenant, comme l&rsquo;ensemble des autres clubs, nos activit\u00e9s ont \u00e9t\u00e9 fortement perturb\u00e9es ce qui nous a emp\u00eacher d&rsquo;\u00e9voluer comme nous l&rsquo;avions envisager.<\/p><p>Cette nouvelle saison doit maintenant nous permettre, \u00e0 travers une meilleure ma\u00eetrise de la situation de retrouver cette stabilit\u00e9 et mettre en place les projets que nous avions en t\u00eate.<\/p><p>Nous d\u00e9taillerons bient\u00f4t cette feuille de route en fonction de l&rsquo;\u00e9volution de la situation.<\/p>\t\t\t\t\t\t<\/div>\n\t\t\t\t<\/div>\n\t\t\t\t\t<\/div>\n\t\t<\/div>\n\t\t\t\t<div class=\"elementor-column elementor-col-50 elementor-top-column elementor-element elementor-element-9b101ef\" data-id=\"9b101ef\" data-element_type=\"column\">\n\t\t\t<div class=\"elementor-widget-wrap elementor-element-populated\">\n\t\t\t\t\t\t\t\t<div class=\"elementor-element elementor-element-bd5a5ac elementor-widget elementor-widget-image\" data-id=\"bd5a5ac\" data-element_type=\"widget\" data-widget_type=\"image.default\">\n\t\t\t\t<div class=\"elementor-widget-container\">\n\t\t\t\t\t\t\t\t\t\t\t\t\t\t\t<img decoding=\"async\" width=\"1024\" height=\"683\" src=\"https:\/\/www.judo-taiso-cuvry.fr\/wp-content\/uploads\/2021\/08\/IMG_2347-1024x683.jpg\" class=\"attachment-large size-large wp-image-793\" alt=\"\" loading=\"lazy\" srcset=\"https:\/\/www.judo-taiso-cuvry.fr\/wp-content\/uploads\/2021\/08\/IMG_2347-1024x683.jpg 1024w, https:\/\/www.judo-taiso-cuvry.fr\/wp-content\/uploads\/2021\/08\/IMG_2347-300x200.jpg 300w, https:\/\/www.judo-taiso-cuvry.fr\/wp-content\/uploads\/2021\/08\/IMG_2347-768x512.jpg 768w, https:\/\/www.judo-taiso-cuvry.fr\/wp-content\/uploads\/2021\/08\/IMG_2347-1536x1024.jpg 1536w, https:\/\/www.judo-taiso-cuvry.fr\/wp-content\/uploads\/2021\/08\/IMG_2347.jpg 2048w\" sizes=\"(max-width: 1024px) 100vw, 1024px\" \/>\t\t\t\t\t\t\t\t\t\t\t\t\t\t\t<\/div>\n\t\t\t\t<\/div>\n\t\t\t\t\t<\/div>\n\t\t<\/div>\n\t\t\t\t\t\t\t<\/div>\n\t\t<\/section>\n\t\t\t\t\t\t\t<\/div>\n\t\t","protected":false},"excerpt":{"rendered":"<p>Le club Judo Ta\u00efso Cuvry Rejoindre le club Consignes d&rsquo;acc\u00e8s aux activit\u00e9s Situation sanitaire Plaquette Judo Plaquette Ta\u00efso Questions \/ R\u00e9ponses Information du club Nous serons pr\u00e9sents \u00e0 la journ\u00e9e des sports de Cuvry qui se tiendra le 28 ao\u00fbt 2021 &times; Rejeter l\u2019alerte Le club Le club de Judo Ta\u00efso de Cuvry s&rsquo;est form\u00e9 [&hellip;]<\/p>\n","protected":false},"author":1,"featured_media":0,"parent":0,"menu_order":0,"comment_status":"closed","ping_status":"closed","template":"","meta":[],"_links":{"self":[{"href":"https:\/\/www.judo-taiso-cuvry.fr\/index.php?rest_route=\/wp\/v2\/pages\/619"}],"collection":[{"href":"https:\/\/www.judo-taiso-cuvry.fr\/index.php?rest_route=\/wp\/v2\/pages"}],"about":[{"href":"https:\/\/www.judo-taiso-cuvry.fr\/index.php?rest_route=\/wp\/v2\/types\/page"}],"author":[{"embeddable":true,"href":"https:\/\/www.judo-taiso-cuvry.fr\/index.php?rest_route=\/wp\/v2\/users\/1"}],"replies":[{"embeddable":true,"href":"https:\/\/www.judo-taiso-cuvry.fr\/index.php?rest_route=%2Fwp%2Fv2%2Fcomments&post=619"}],"version-history":[{"count":28,"href":"https:\/\/www.judo-taiso-cuvry.fr\/index.php?rest_route=\/wp\/v2\/pages\/619\/revisions"}],"predecessor-version":[{"id":1522,"href":"https:\/\/www.judo-taiso-cuvry.fr\/index.php?rest_route=\/wp\/v2\/pages\/619\/revisions\/1522"}],"wp:attachment":[{"href":"https:\/\/www.judo-taiso-cuvry.fr\/index.php?rest_route=%2Fwp%2Fv2%2Fmedia&parent=619"}],"curies":[{"name":"wp","href":"https:\/\/api.w.org\/{rel}","templated":true}]}}